{"id":228,"date":"2015-03-14T11:24:29","date_gmt":"2015-03-14T09:24:29","guid":{"rendered":"http:\/\/www.itl-bremerhaven.de\/?page_id=228"},"modified":"2018-03-24T14:31:17","modified_gmt":"2018-03-24T12:31:17","slug":"publikationen","status":"publish","type":"page","link":"https:\/\/www.itl-bremerhaven.de\/?page_id=228","title":{"rendered":"Publikationen"},"content":{"rendered":"<h2><img decoding=\"async\" loading=\"lazy\" class=\" wp-image-199 aligncenter\" src=\"wp-content\/uploads\/2014\/03\/IMG_0805.jpg\" alt=\"IMG_0805\" width=\"1156\" height=\"158\" \/><\/h2>\n<br \/>\n<h2>Unsere Publikationen<\/h2>\n<div>\n<ul>\n<li><a href=\"https:\/\/www.dropbox.com\/s\/6r8yy68me0zqlf7\/141021_forschungsbericht_ueberbreite-ladung_homepage_niedrige-aufloesung.pdf?dl=0\">Forschungsbericht \u00fcberbreite Ladung<\/a><\/li>\n<li><a href=\"https:\/\/www.dropbox.com\/s\/yw1qyzwm0w9w6cx\/Untersuchungen%20von%20Sch%C3%BCttg%C3%BCtern%20in%20flexiblen%20Verpacklungen.pdf?dl=0\">Untersuchungen zur Ladungssicherung auf Nutzfahrzeugen von Sch\u00fcttg\u00fctern in flexiblen Verpackungen<\/a><\/li>\n<li><a href=\"https:\/\/www.dropbox.com\/s\/3i1704cady0dguv\/Studie%20Ladungssicherung%20bei%20Berufskraftfahrern%202017.pdf?dl=0\" target=\"_blank\" rel=\"noopener\">Studie Ladungssicherung bei Berufskraftfahrern<\/a><\/li>\n<p><!--\n \t\n\n<li><a href=\"https:\/\/www.dropbox.com\/s\/g1zkiskqaihh086\/Verl%C3%A4ngerung%20des%20Bremsweges%20bei%20falscher%20Beladung.pdf?dl=0\">Untersuchungen zur Verl\u00e4ngerung des Bremsweges bei falscher Beladung von Nutzfahrzeugen<\/a><\/li>\n\n\n-->\n<\/ul>\n<\/div>\n","protected":false},"excerpt":{"rendered":"<p>Unsere Publikationen Forschungsbericht \u00fcberbreite Ladung Untersuchungen zur Ladungssicherung auf Nutzfahrzeugen von Sch\u00fcttg\u00fctern in flexiblen Verpackungen Studie Ladungssicherung bei Berufskraftfahrern<\/p>\n","protected":false},"author":1,"featured_media":0,"parent":0,"menu_order":0,"comment_status":"closed","ping_status":"open","template":"","meta":[],"_links":{"self":[{"href":"https:\/\/www.itl-bremerhaven.de\/index.php?rest_route=\/wp\/v2\/pages\/228"}],"collection":[{"href":"https:\/\/www.itl-bremerhaven.de\/index.php?rest_route=\/wp\/v2\/pages"}],"about":[{"href":"https:\/\/www.itl-bremerhaven.de\/index.php?rest_route=\/wp\/v2\/types\/page"}],"author":[{"embeddable":true,"href":"https:\/\/www.itl-bremerhaven.de\/index.php?rest_route=\/wp\/v2\/users\/1"}],"replies":[{"embeddable":true,"href":"https:\/\/www.itl-bremerhaven.de\/index.php?rest_route=%2Fwp%2Fv2%2Fcomments&post=228"}],"version-history":[{"count":16,"href":"https:\/\/www.itl-bremerhaven.de\/index.php?rest_route=\/wp\/v2\/pages\/228\/revisions"}],"predecessor-version":[{"id":270,"href":"https:\/\/www.itl-bremerhaven.de\/index.php?rest_route=\/wp\/v2\/pages\/228\/revisions\/270"}],"wp:attachment":[{"href":"https:\/\/www.itl-bremerhaven.de\/index.php?rest_route=%2Fwp%2Fv2%2Fmedia&parent=228"}],"curies":[{"name":"wp","href":"https:\/\/api.w.org\/{rel}","templated":true}]}}